{"id":7352,"date":"2013-04-24T22:42:49","date_gmt":"2013-04-24T22:42:49","guid":{"rendered":"http:\/\/anardetapes.cat\/?p=7352"},"modified":"2022-04-07T11:00:45","modified_gmt":"2022-04-07T09:00:45","slug":"formatge-burguera","status":"publish","type":"alimentacio","link":"https:\/\/web2025.gastronomicament.cat\/ca\/alimentacio\/formatge-burguera","title":{"rendered":"Formatge Burguera"},"content":{"rendered":"<p style=\"text-align: justify;\"><strong>Carretera de Campos-Col\u00f2nia de Sant Jordi, km 7. Campos<br \/>\nTel.: <a href=\"tel:971655435\">971 65 54 35<\/a> \/ <a href=\"tel:630 888 268\">630 888 268<\/a><br \/>\nWeb: <a title=\"Formatge Burguera\" href=\"http:\/\/www.formatgesburguera.com\">www.formatgesburguera.com<\/a><\/strong><\/p>\n<p style=\"text-align: justify;\">L&#8217;experi\u00e8ncia familiar dedicada a la llet i a les vaques \u00e9s un excel\u00b7lent aliat de la innovaci\u00f3 i modernitzaci\u00f3 de l&#8217;empresa.<\/p>\n<p><img loading=\"lazy\" decoding=\"async\" class=\" alignright\" style=\"max-width: 277px !important;\" src=\"http:\/\/gastronomicament.cat\/wp-content\/uploads\/2013\/12\/la-revista-alemanya-der-feinschmecker-ha-premiat-la-qualitat-del-formatge-burguera.jpg\" alt=\"\" width=\"164\" height=\"237\" \/><\/p>\n<p style=\"text-align: justify;\">Aix\u00ed ho demostra Formatges Burguera que aposta per productes d&#8217;alta qualitat un fet que queda patent en les anal\u00edtiques peri\u00f2diques que duen a terme laboratoris independents i per l&#8217;Institut de Biologia Animal de les Balears (IBAB).<\/p>\n<p style=\"text-align: justify;\">La llet s&#8217;obt\u00e9 directemant de les vaques, majorit\u00e0riament de ra\u00e7a frisona, amb una moderna maquin\u00e0ria que facilita el menjar als animals mentre se les muny tranquil\u00b7lament.<\/p>\n<p style=\"text-align: justify;\"><strong>Productes<br \/>\n<\/strong>Fruit de la const\u00e0ncia i la paci\u00e8ncia Formatge Burguera ha aconseguit elaborar un formatge de gran qualitat fet amb llet de vaca, ferments lactis i quall, sense colorants ni conservats, que s&#8217;envasen i es distribueixen des de la mateixa f\u00e0brica.<\/p>\n<ul>\n<li>Brossat<\/li>\n<li>Formatge tendre<\/li>\n<li>Formatge semicurat<\/li>\n<li>Formatge curat<\/li>\n<li>Llet formatjada<\/li>\n<li>Formatge amb pebre bord<\/li>\n<\/ul>\n<p style=\"text-align: justify;\">Fa m\u00e9s de 70 anys que Formatge Burguera es dedica al sector lacti, una feina excel\u00b7lent avalada pel t\u00edtol de Mestre Artes\u00e0, concedit pel Govern de les Illes Balears.<\/p>\n<p style=\"text-align: justify;\"><strong>Viure a Can Burguera<\/strong><\/p>\n<p style=\"text-align: center;\"><img loading=\"lazy\" decoding=\"async\" class=\"aligncenter\" style=\"margin-top: 6px; margin-bottom: 6px;\" src=\"http:\/\/gastronomicament.cat\/wp-content\/uploads\/2013\/12\/casa-de-vacances-burguera.jpg\" alt=\"\" width=\"640\" height=\"200\" \/><\/p>\n<p style=\"text-align: left;\">Si voleu gaudir del camp, aprendre a fer formatge i a m\u00e9s de viure a poca dist\u00e0ncia d&#8217;una de les platges m\u00e9s belles del m\u00f3n, es Trenc), Formatge Burguera posa a la vostra disposici\u00f3 un allotjament vacacional per a 4 persones.<\/p>\n<p style=\"text-align: justify;\">L&#8217;estada m\u00ednima \u00e9s d&#8217;una setmana i durant un dia podreu aprendre els secrets de fer formatge.<\/p>\n<p style=\"text-align: justify;\">La casa est\u00e0 equipada amb totes les comoditats: rentaplats, gelera, cafetera, rentadora, etc.<\/p>\n<p>M\u00e9s informaci\u00f3:\u00a0<a href=\"tel:971655435\">971 65 54 35<\/a> \/ <a href=\"tel:630 888 268\">630 888 268<\/a><!--more--><\/p>\n","protected":false},"excerpt":{"rendered":"<p>Carretera de Campos-Col\u00f2nia de Sant Jordi, km 7. Campos Tel.: 971 65 54 35 \/ 630 888 268 Web: www.formatgesburguera.com L&#8217;experi\u00e8ncia familiar dedicada a la llet i a les vaques \u00e9s un excel\u00b7lent aliat de la innovaci\u00f3 i modernitzaci\u00f3 de l&#8217;empresa. Aix\u00ed ho demostra Formatges Burguera que aposta per productes d&#8217;alta qualitat un fet que [&hellip;]<\/p>\n","protected":false},"author":1,"featured_media":7438,"menu_order":0,"comment_status":"open","ping_status":"closed","template":"","format":"gallery","meta":{"_acf_changed":false,"_swt_meta_header_display":false,"_swt_meta_footer_display":false,"_swt_meta_site_title_display":false,"_swt_meta_sticky_header":false,"_swt_meta_transparent_header":false,"footnotes":""},"categories":[693,942],"empresa":[748],"tipus-producte":[749],"coauthors":[],"class_list":["post-7352","alimentacio","type-alimentacio","status-publish","format-gallery","has-post-thumbnail","hentry","category-alimentacio","category-recomanat","empresa-formatge-burguera","tipus_producte-formatge"],"acf":{"gallery":null,"home_date":{"home_begin_date":null,"home_end_date":null}},"yoast_head":"<!-- This site is optimized with the Yoast SEO plugin v27.2 - https:\/\/yoast.com\/product\/yoast-seo-wordpress\/ -->\n<title>Formatge Burguera. Campos<\/title>\n<meta name=\"description\" content=\"Formatge Burguera. Campos - Ses Salines \/ Queso mallorqu\u00edn \/ Formatge mallorqu\u00ed \/ Cheese from Mallorca \/ Majorcan Cheese\" \/>\n<meta name=\"robots\" content=\"index, follow, max-snippet:-1, max-image-preview:large, max-video-preview:-1\" \/>\n<link rel=\"canonical\" href=\"https:\/\/web2025.gastronomicament.cat\/ca\/alimentacio\/formatge-burguera\" \/>\n<meta property=\"og:locale\" content=\"ca_ES\" \/>\n<meta property=\"og:type\" content=\"article\" \/>\n<meta property=\"og:title\" content=\"Formatge Burguera. Campos\" \/>\n<meta property=\"og:description\" content=\"Formatge Burguera. Campos - Ses Salines \/ Queso mallorqu\u00edn \/ Formatge mallorqu\u00ed \/ Cheese from Mallorca \/ Majorcan Cheese\" \/>\n<meta property=\"og:url\" content=\"https:\/\/web2025.gastronomicament.cat\/ca\/alimentacio\/formatge-burguera\" \/>\n<meta property=\"og:site_name\" content=\"Gastron\u00f2micament\" \/>\n<meta property=\"article:modified_time\" content=\"2022-04-07T09:00:45+00:00\" \/>\n<meta property=\"og:image\" content=\"https:\/\/web2025.gastronomicament.cat\/wp-content\/uploads\/2013\/04\/El-\/El-formatge-es-pot-acompanyar-perfectament-amb-el-vi.jpg\" \/>\n\t<meta property=\"og:image:width\" content=\"1024\" \/>\n\t<meta property=\"og:image:height\" content=\"685\" \/>\n\t<meta property=\"og:image:type\" content=\"image\/jpeg\" \/>\n<meta name=\"twitter:card\" content=\"summary_large_image\" \/>\n<meta name=\"twitter:site\" content=\"@gastronomicamen\" \/>\n<meta name=\"twitter:label1\" content=\"Est. reading time\" \/>\n\t<meta name=\"twitter:data1\" content=\"1 minute\" \/>\n\t<meta name=\"twitter:label2\" content=\"Written by\" \/>\n\t<meta name=\"twitter:data2\" content=\"Redacci\u00f3\" \/>\n<script type=\"application\/ld+json\" class=\"yoast-schema-graph\">{\"@context\":\"https:\/\/schema.org\",\"@graph\":[{\"@type\":\"WebPage\",\"@id\":\"https:\/\/web2025.gastronomicament.cat\/ca\/alimentacio\/formatge-burguera\",\"url\":\"https:\/\/web2025.gastronomicament.cat\/ca\/alimentacio\/formatge-burguera\",\"name\":\"Formatge Burguera. Campos\",\"isPartOf\":{\"@id\":\"https:\/\/web2025.gastronomicament.cat\/es\/#website\"},\"primaryImageOfPage\":{\"@id\":\"https:\/\/web2025.gastronomicament.cat\/ca\/alimentacio\/formatge-burguera#primaryimage\"},\"image\":{\"@id\":\"https:\/\/web2025.gastronomicament.cat\/ca\/alimentacio\/formatge-burguera#primaryimage\"},\"thumbnailUrl\":\"https:\/\/web2025.gastronomicament.cat\/wp-content\/uploads\/2013\/04\/El-\/El-formatge-es-pot-acompanyar-perfectament-amb-el-vi.jpg\",\"datePublished\":\"2013-04-24T22:42:49+00:00\",\"dateModified\":\"2022-04-07T09:00:45+00:00\",\"description\":\"Formatge Burguera. Campos - Ses Salines \/ Queso mallorqu\u00edn \/ Formatge mallorqu\u00ed \/ Cheese from Mallorca \/ Majorcan Cheese\",\"breadcrumb\":{\"@id\":\"https:\/\/web2025.gastronomicament.cat\/ca\/alimentacio\/formatge-burguera#breadcrumb\"},\"inLanguage\":\"ca-ES\",\"potentialAction\":[{\"@type\":\"ReadAction\",\"target\":[\"https:\/\/web2025.gastronomicament.cat\/ca\/alimentacio\/formatge-burguera\"]}]},{\"@type\":\"ImageObject\",\"inLanguage\":\"ca-ES\",\"@id\":\"https:\/\/web2025.gastronomicament.cat\/ca\/alimentacio\/formatge-burguera#primaryimage\",\"url\":\"https:\/\/web2025.gastronomicament.cat\/wp-content\/uploads\/2013\/04\/El-\/El-formatge-es-pot-acompanyar-perfectament-amb-el-vi.jpg\",\"contentUrl\":\"https:\/\/web2025.gastronomicament.cat\/wp-content\/uploads\/2013\/04\/El-\/El-formatge-es-pot-acompanyar-perfectament-amb-el-vi.jpg\",\"width\":1024,\"height\":685},{\"@type\":\"BreadcrumbList\",\"@id\":\"https:\/\/web2025.gastronomicament.cat\/ca\/alimentacio\/formatge-burguera#breadcrumb\",\"itemListElement\":[{\"@type\":\"ListItem\",\"position\":1,\"name\":\"Alimentaci\u00f3\",\"item\":\"https:\/\/web2025.gastronomicament.cat\/es\/cercador-alimentacio\"},{\"@type\":\"ListItem\",\"position\":2,\"name\":\"Formatge Burguera\"}]},{\"@type\":\"WebSite\",\"@id\":\"https:\/\/web2025.gastronomicament.cat\/es\/#website\",\"url\":\"https:\/\/web2025.gastronomicament.cat\/es\/\",\"name\":\"Gastron\u00f2micament\",\"description\":\"Portal de restaurants, receptes i actualitat gastron\u00f2mica\",\"publisher\":{\"@id\":\"https:\/\/web2025.gastronomicament.cat\/es\/#organization\"},\"potentialAction\":[{\"@type\":\"SearchAction\",\"target\":{\"@type\":\"EntryPoint\",\"urlTemplate\":\"https:\/\/web2025.gastronomicament.cat\/es\/?s={search_term_string}\"},\"query-input\":{\"@type\":\"PropertyValueSpecification\",\"valueRequired\":true,\"valueName\":\"search_term_string\"}}],\"inLanguage\":\"ca-ES\"},{\"@type\":\"Organization\",\"@id\":\"https:\/\/web2025.gastronomicament.cat\/es\/#organization\",\"name\":\"Gastron\u00f2micament\",\"url\":\"https:\/\/web2025.gastronomicament.cat\/es\/\",\"logo\":{\"@type\":\"ImageObject\",\"inLanguage\":\"ca-ES\",\"@id\":\"https:\/\/web2025.gastronomicament.cat\/es\/#\/schema\/logo\/image\/\",\"url\":\"https:\/\/web2025.gastronomicament.cat\/wp-content\/uploads\/2016\/09\/header-logo.jpg\",\"contentUrl\":\"https:\/\/web2025.gastronomicament.cat\/wp-content\/uploads\/2016\/09\/header-logo.jpg\",\"width\":277,\"height\":39,\"caption\":\"Gastron\u00f2micament\"},\"image\":{\"@id\":\"https:\/\/web2025.gastronomicament.cat\/es\/#\/schema\/logo\/image\/\"},\"sameAs\":[\"https:\/\/x.com\/gastronomicamen\"]}]}<\/script>\n<!-- \/ Yoast SEO plugin. -->","yoast_head_json":{"title":"Formatge Burguera. Campos","description":"Formatge Burguera. Campos - Ses Salines \/ Queso mallorqu\u00edn \/ Formatge mallorqu\u00ed \/ Cheese from Mallorca \/ Majorcan Cheese","robots":{"index":"index","follow":"follow","max-snippet":"max-snippet:-1","max-image-preview":"max-image-preview:large","max-video-preview":"max-video-preview:-1"},"canonical":"https:\/\/web2025.gastronomicament.cat\/ca\/alimentacio\/formatge-burguera","og_locale":"ca_ES","og_type":"article","og_title":"Formatge Burguera. Campos","og_description":"Formatge Burguera. Campos - Ses Salines \/ Queso mallorqu\u00edn \/ Formatge mallorqu\u00ed \/ Cheese from Mallorca \/ Majorcan Cheese","og_url":"https:\/\/web2025.gastronomicament.cat\/ca\/alimentacio\/formatge-burguera","og_site_name":"Gastron\u00f2micament","article_modified_time":"2022-04-07T09:00:45+00:00","og_image":[{"width":1024,"height":685,"url":"https:\/\/web2025.gastronomicament.cat\/wp-content\/uploads\/2013\/04\/El-\/El-formatge-es-pot-acompanyar-perfectament-amb-el-vi.jpg","type":"image\/jpeg"}],"twitter_card":"summary_large_image","twitter_site":"@gastronomicamen","twitter_misc":{"Est. reading time":"1 minute","Written by":"Redacci\u00f3"},"schema":{"@context":"https:\/\/schema.org","@graph":[{"@type":"WebPage","@id":"https:\/\/web2025.gastronomicament.cat\/ca\/alimentacio\/formatge-burguera","url":"https:\/\/web2025.gastronomicament.cat\/ca\/alimentacio\/formatge-burguera","name":"Formatge Burguera. Campos","isPartOf":{"@id":"https:\/\/web2025.gastronomicament.cat\/es\/#website"},"primaryImageOfPage":{"@id":"https:\/\/web2025.gastronomicament.cat\/ca\/alimentacio\/formatge-burguera#primaryimage"},"image":{"@id":"https:\/\/web2025.gastronomicament.cat\/ca\/alimentacio\/formatge-burguera#primaryimage"},"thumbnailUrl":"https:\/\/web2025.gastronomicament.cat\/wp-content\/uploads\/2013\/04\/El-\/El-formatge-es-pot-acompanyar-perfectament-amb-el-vi.jpg","datePublished":"2013-04-24T22:42:49+00:00","dateModified":"2022-04-07T09:00:45+00:00","description":"Formatge Burguera. Campos - Ses Salines \/ Queso mallorqu\u00edn \/ Formatge mallorqu\u00ed \/ Cheese from Mallorca \/ Majorcan Cheese","breadcrumb":{"@id":"https:\/\/web2025.gastronomicament.cat\/ca\/alimentacio\/formatge-burguera#breadcrumb"},"inLanguage":"ca-ES","potentialAction":[{"@type":"ReadAction","target":["https:\/\/web2025.gastronomicament.cat\/ca\/alimentacio\/formatge-burguera"]}]},{"@type":"ImageObject","inLanguage":"ca-ES","@id":"https:\/\/web2025.gastronomicament.cat\/ca\/alimentacio\/formatge-burguera#primaryimage","url":"https:\/\/web2025.gastronomicament.cat\/wp-content\/uploads\/2013\/04\/El-\/El-formatge-es-pot-acompanyar-perfectament-amb-el-vi.jpg","contentUrl":"https:\/\/web2025.gastronomicament.cat\/wp-content\/uploads\/2013\/04\/El-\/El-formatge-es-pot-acompanyar-perfectament-amb-el-vi.jpg","width":1024,"height":685},{"@type":"BreadcrumbList","@id":"https:\/\/web2025.gastronomicament.cat\/ca\/alimentacio\/formatge-burguera#breadcrumb","itemListElement":[{"@type":"ListItem","position":1,"name":"Alimentaci\u00f3","item":"https:\/\/web2025.gastronomicament.cat\/es\/cercador-alimentacio"},{"@type":"ListItem","position":2,"name":"Formatge Burguera"}]},{"@type":"WebSite","@id":"https:\/\/web2025.gastronomicament.cat\/es\/#website","url":"https:\/\/web2025.gastronomicament.cat\/es\/","name":"Gastron\u00f2micament","description":"Portal de restaurants, receptes i actualitat gastron\u00f2mica","publisher":{"@id":"https:\/\/web2025.gastronomicament.cat\/es\/#organization"},"potentialAction":[{"@type":"SearchAction","target":{"@type":"EntryPoint","urlTemplate":"https:\/\/web2025.gastronomicament.cat\/es\/?s={search_term_string}"},"query-input":{"@type":"PropertyValueSpecification","valueRequired":true,"valueName":"search_term_string"}}],"inLanguage":"ca-ES"},{"@type":"Organization","@id":"https:\/\/web2025.gastronomicament.cat\/es\/#organization","name":"Gastron\u00f2micament","url":"https:\/\/web2025.gastronomicament.cat\/es\/","logo":{"@type":"ImageObject","inLanguage":"ca-ES","@id":"https:\/\/web2025.gastronomicament.cat\/es\/#\/schema\/logo\/image\/","url":"https:\/\/web2025.gastronomicament.cat\/wp-content\/uploads\/2016\/09\/header-logo.jpg","contentUrl":"https:\/\/web2025.gastronomicament.cat\/wp-content\/uploads\/2016\/09\/header-logo.jpg","width":277,"height":39,"caption":"Gastron\u00f2micament"},"image":{"@id":"https:\/\/web2025.gastronomicament.cat\/es\/#\/schema\/logo\/image\/"},"sameAs":["https:\/\/x.com\/gastronomicamen"]}]}},"_links":{"self":[{"href":"https:\/\/web2025.gastronomicament.cat\/ca\/wp-json\/wp\/v2\/alimentacio\/7352","targetHints":{"allow":["GET"]}}],"collection":[{"href":"https:\/\/web2025.gastronomicament.cat\/ca\/wp-json\/wp\/v2\/alimentacio"}],"about":[{"href":"https:\/\/web2025.gastronomicament.cat\/ca\/wp-json\/wp\/v2\/types\/alimentacio"}],"author":[{"embeddable":true,"href":"https:\/\/web2025.gastronomicament.cat\/ca\/wp-json\/wp\/v2\/users\/1"}],"replies":[{"embeddable":true,"href":"https:\/\/web2025.gastronomicament.cat\/ca\/wp-json\/wp\/v2\/comments?post=7352"}],"version-history":[{"count":0,"href":"https:\/\/web2025.gastronomicament.cat\/ca\/wp-json\/wp\/v2\/alimentacio\/7352\/revisions"}],"wp:featuredmedia":[{"embeddable":true,"href":"https:\/\/web2025.gastronomicament.cat\/ca\/wp-json\/wp\/v2\/media\/7438"}],"wp:attachment":[{"href":"https:\/\/web2025.gastronomicament.cat\/ca\/wp-json\/wp\/v2\/media?parent=7352"}],"wp:term":[{"taxonomy":"category","embeddable":true,"href":"https:\/\/web2025.gastronomicament.cat\/ca\/wp-json\/wp\/v2\/categories?post=7352"},{"taxonomy":"empresa","embeddable":true,"href":"https:\/\/web2025.gastronomicament.cat\/ca\/wp-json\/wp\/v2\/empresa?post=7352"},{"taxonomy":"tipus_producte","embeddable":true,"href":"https:\/\/web2025.gastronomicament.cat\/ca\/wp-json\/wp\/v2\/tipus-producte?post=7352"},{"taxonomy":"author","embeddable":true,"href":"https:\/\/web2025.gastronomicament.cat\/ca\/wp-json\/wp\/v2\/coauthors?post=7352"}],"curies":[{"name":"wp","href":"https:\/\/api.w.org\/{rel}","templated":true}]}}